{"id":5643,"date":"2024-05-02T13:57:19","date_gmt":"2024-05-02T16:57:19","guid":{"rendered":"http:\/\/itecfurg.org\/?page_id=5643"},"modified":"2026-04-13T17:55:58","modified_gmt":"2026-04-13T20:55:58","slug":"centro-multiusuario-itec-furg","status":"publish","type":"page","link":"https:\/\/itecfurg.org\/?page_id=5643","title":{"rendered":"Centro Multiusu\u00e1rio"},"content":{"rendered":"\t\t<div data-elementor-type=\"wp-page\" data-elementor-id=\"5643\" class=\"elementor elementor-5643\" data-elementor-post-type=\"page\">\n\t\t\t\t\t\t<section class=\"elementor-section elementor-top-section elementor-element elementor-element-90a3a65 elementor-section-full_width elementor-section-height-default elementor-section-height-default\" data-id=\"90a3a65\" data-element_type=\"section\">\n\t\t\t\t\t\t<div class=\"elementor-container elementor-column-gap-no\">\n\t\t\t\t\t<div class=\"elementor-column elementor-col-100 elementor-top-column elementor-element elementor-element-4faa8b6\" data-id=\"4faa8b6\" data-element_type=\"column\">\n\t\t\t<div class=\"elementor-widget-wrap elementor-element-populated\">\n\t\t\t\t\t\t<div class=\"elementor-element elementor-element-ed4d654 elementor-widget elementor-widget-image\" data-id=\"ed4d654\" data-element_type=\"widget\" data-widget_type=\"image.default\">\n\t\t\t\t<div class=\"elementor-widget-container\">\n\t\t\t\t\t\t\t\t\t\t\t\t\t\t\t<img fetchpriority=\"high\" decoding=\"async\" width=\"2560\" height=\"323\" src=\"https:\/\/itecfurg.org\/wp-content\/uploads\/2026\/04\/BANNER_6-scaled.png\" class=\"attachment-full size-full wp-image-12860\" alt=\"\" srcset=\"https:\/\/itecfurg.org\/wp-content\/uploads\/2026\/04\/BANNER_6-scaled.png 2560w, https:\/\/itecfurg.org\/wp-content\/uploads\/2026\/04\/BANNER_6-300x38.png 300w, https:\/\/itecfurg.org\/wp-content\/uploads\/2026\/04\/BANNER_6-1024x129.png 1024w, https:\/\/itecfurg.org\/wp-content\/uploads\/2026\/04\/BANNER_6-768x97.png 768w, https:\/\/itecfurg.org\/wp-content\/uploads\/2026\/04\/BANNER_6-1536x194.png 1536w, https:\/\/itecfurg.org\/wp-content\/uploads\/2026\/04\/BANNER_6-2048x258.png 2048w\" sizes=\"(max-width: 2560px) 100vw, 2560px\" \/>\t\t\t\t\t\t\t\t\t\t\t\t\t\t\t<\/div>\n\t\t\t\t<\/div>\n\t\t\t\t\t<\/div>\n\t\t<\/div>\n\t\t\t\t\t<\/div>\n\t\t<\/section>\n\t\t\t\t<section class=\"elementor-section elementor-top-section elementor-element elementor-element-9065757 elementor-section-boxed elementor-section-height-default elementor-section-height-default\" data-id=\"9065757\" data-element_type=\"section\">\n\t\t\t\t\t\t<div class=\"elementor-container elementor-column-gap-default\">\n\t\t\t\t\t<div class=\"elementor-column elementor-col-100 elementor-top-column elementor-element elementor-element-f4da868\" data-id=\"f4da868\" data-element_type=\"column\">\n\t\t\t<div class=\"elementor-widget-wrap elementor-element-populated\">\n\t\t\t\t\t\t<div class=\"elementor-element elementor-element-9e6a2d1 elementor-widget elementor-widget-text-editor\" data-id=\"9e6a2d1\" data-element_type=\"widget\" data-widget_type=\"text-editor.default\">\n\t\t\t\t<div class=\"elementor-widget-container\">\n\t\t\t\t\t\t\t\t\t<p><strong>Bem vindo<\/strong> ao <strong>Centro Multiusu\u00e1rio iTec\/FURG<\/strong>, integrante da Rede do Minist\u00e9rio de Ci\u00eancia e Tecnologia (MCTI) e Embrapii de Tecnologias e Inova\u00e7\u00e3o Digital para Intelig\u00eancia Artificial e Transforma\u00e7\u00e3o Digital.\u00a0<\/p>\t\t\t\t\t\t\t\t<\/div>\n\t\t\t\t<\/div>\n\t\t\t\t\t<\/div>\n\t\t<\/div>\n\t\t\t\t\t<\/div>\n\t\t<\/section>\n\t\t\t\t<section class=\"elementor-section elementor-top-section elementor-element elementor-element-11ddabe elementor-section-full_width elementor-section-height-default elementor-section-height-default\" data-id=\"11ddabe\" data-element_type=\"section\">\n\t\t\t\t\t\t<div class=\"elementor-container elementor-column-gap-no\">\n\t\t\t\t\t<div class=\"elementor-column elementor-col-100 elementor-top-column elementor-element elementor-element-ad358e7\" data-id=\"ad358e7\" data-element_type=\"column\">\n\t\t\t<div class=\"elementor-widget-wrap elementor-element-populated\">\n\t\t\t\t\t\t<div class=\"elementor-element elementor-element-16ffab5 elementor-tabs-view-vertical elementor-widget elementor-widget-tabs\" data-id=\"16ffab5\" data-element_type=\"widget\" data-widget_type=\"tabs.default\">\n\t\t\t\t<div class=\"elementor-widget-container\">\n\t\t\t\t\t\t\t<div class=\"elementor-tabs\">\n\t\t\t<div class=\"elementor-tabs-wrapper\" role=\"tablist\" >\n\t\t\t\t\t\t\t\t\t<div id=\"elementor-tab-title-2411\" class=\"elementor-tab-title elementor-tab-desktop-title\" aria-selected=\"true\" data-tab=\"1\" role=\"tab\" tabindex=\"0\" aria-controls=\"elementor-tab-content-2411\" aria-expanded=\"false\">Sobre o Centro<\/div>\n\t\t\t\t\t\t\t\t\t<div id=\"elementor-tab-title-2412\" class=\"elementor-tab-title elementor-tab-desktop-title\" aria-selected=\"false\" data-tab=\"2\" role=\"tab\" tabindex=\"-1\" aria-controls=\"elementor-tab-content-2412\" aria-expanded=\"false\"> Infraestrutura<\/div>\n\t\t\t\t\t\t\t\t\t<div id=\"elementor-tab-title-2413\" class=\"elementor-tab-title elementor-tab-desktop-title\" aria-selected=\"false\" data-tab=\"3\" role=\"tab\" tabindex=\"-1\" aria-controls=\"elementor-tab-content-2413\" aria-expanded=\"false\"> Onde estamos<\/div>\n\t\t\t\t\t\t\t\t\t<div id=\"elementor-tab-title-2414\" class=\"elementor-tab-title elementor-tab-desktop-title\" aria-selected=\"false\" data-tab=\"4\" role=\"tab\" tabindex=\"-1\" aria-controls=\"elementor-tab-content-2414\" aria-expanded=\"false\">Usu\u00e1rios<\/div>\n\t\t\t\t\t\t\t\t\t<div id=\"elementor-tab-title-2415\" class=\"elementor-tab-title elementor-tab-desktop-title\" aria-selected=\"false\" data-tab=\"5\" role=\"tab\" tabindex=\"-1\" aria-controls=\"elementor-tab-content-2415\" aria-expanded=\"false\">Comit\u00ea Gestor<\/div>\n\t\t\t\t\t\t\t\t\t<div id=\"elementor-tab-title-2416\" class=\"elementor-tab-title elementor-tab-desktop-title\" aria-selected=\"false\" data-tab=\"6\" role=\"tab\" tabindex=\"-1\" aria-controls=\"elementor-tab-content-2416\" aria-expanded=\"false\">Gest\u00e3o de Uso<\/div>\n\t\t\t\t\t\t\t\t\t<div id=\"elementor-tab-title-2417\" class=\"elementor-tab-title elementor-tab-desktop-title\" aria-selected=\"false\" data-tab=\"7\" role=\"tab\" tabindex=\"-1\" aria-controls=\"elementor-tab-content-2417\" aria-expanded=\"false\">Publica\u00e7\u00f5es<\/div>\n\t\t\t\t\t\t\t\t\t<div id=\"elementor-tab-title-2418\" class=\"elementor-tab-title elementor-tab-desktop-title\" aria-selected=\"false\" data-tab=\"8\" role=\"tab\" tabindex=\"-1\" aria-controls=\"elementor-tab-content-2418\" aria-expanded=\"false\">Agendamento Online<\/div>\n\t\t\t\t\t\t\t<\/div>\n\t\t\t<div class=\"elementor-tabs-content-wrapper\" role=\"tablist\" aria-orientation=\"vertical\">\n\t\t\t\t\t\t\t\t\t<div class=\"elementor-tab-title elementor-tab-mobile-title\" aria-selected=\"true\" data-tab=\"1\" role=\"tab\" tabindex=\"0\" aria-controls=\"elementor-tab-content-2411\" aria-expanded=\"false\">Sobre o Centro<\/div>\n\t\t\t\t\t<div id=\"elementor-tab-content-2411\" class=\"elementor-tab-content elementor-clearfix\" data-tab=\"1\" role=\"tabpanel\" aria-labelledby=\"elementor-tab-title-2411\" tabindex=\"0\" hidden=\"false\"><h3 style=\"text-align: left;\"><b>Quem Somos<\/b><\/h3><p style=\"text-align: left;\"><span style=\"font-weight: 400;\">O iTec\/FURG \u00e9 um Centro Multiusu\u00e1rio em Rob\u00f3tica, Automa\u00e7\u00e3o e Intelig\u00eancia Artificial. Faz parte da Universidade Federal do Rio Grande (FURG) desde de 2020. Est\u00e1 credenciado como Unidade Embrapii e se dedica \u00e0 pesquisa e ao desenvolvimento tecnol\u00f3gico em transforma\u00e7\u00e3o digital voltada ao setor produtivo. Origina-se no NAUTEC, n\u00facleo de pesquisa do Centro de Ci\u00eancias Computacionais, unidade acad\u00eamica da FURG. O corpo de pesquisadores envolvidos nessas iniciativas t\u00eam duas d\u00e9cadas de atua\u00e7\u00e3o. Os seus interesses em Pesquisa, Desenvolvimento e Inova\u00e7\u00e3o (PD&amp;I) incluem sistemas rob\u00f3ticos e automa\u00e7\u00e3o, sustentados em conhecimentos oriundos das \u00e1reas de vis\u00e3o computacional e intelig\u00eancia artificial. O iTec\/FURG atua como embaixador da NVIDIA no Brasil, \u00e9 um centro credenciado pela ANP &#8211; Ag\u00eancia Nacional de Petr\u00f3leo, G\u00e1s Natural e Biocombust\u00edveis e pelo CATI &#8211; Comit\u00ea da \u00c1rea de Tecnologia da Informa\u00e7\u00e3o. O iTec\/FURG encontra-se na vanguarda da capacita\u00e7\u00e3o cient\u00edfica e tecnol\u00f3gica.<\/span><\/p><h3><b>Miss\u00e3o<\/b><\/h3><p><span style=\"font-weight: 400;\">Nossa miss\u00e3o \u00e9 impulsionar projetos de PD&amp;I em tecnologias de transforma\u00e7\u00e3o digital, tanto para a ind\u00fastria regional quanto nacional. Nosso trabalho visa a cria\u00e7\u00e3o de novos produtos e servi\u00e7os, al\u00e9m de aprimorar processos produtivos por meio de inova\u00e7\u00f5es. Possu\u00edmos uma infraestrutura multiusu\u00e1ria, dividida em: (i) computacional e de intelig\u00eancia artificial e (ii) rob\u00f3tica e automa\u00e7\u00e3o. Isso permite a integra\u00e7\u00e3o de conhecimentos entre diferentes \u00e1reas e o uso compartilhado de equipamentos, em conformidade com a Resolu\u00e7\u00e3o N\u00ba 004\/2006 do Conselho Universit\u00e1rio da FURG, de 17 de Mar\u00e7o de 2006, relativa ao Programa de Compartilhamento de Equipamentos Multiusu\u00e1rios da FURG \u2013 ProCEM.<\/span><\/p><h3><b>Engajamento e Parcerias<\/b><\/h3><p><span style=\"font-weight: 400;\">O iTec\/FURG \u00e9 uma unidade ativa e coordenadora do Comit\u00ea de Infraestrutura e Capacita\u00e7\u00e3o da Rede Nacional MCTI\/Embrapii de Tecnologia e Inova\u00e7\u00e3o Digital. Essa posi\u00e7\u00e3o deriva da fus\u00e3o entre a Rede MCTI de Intelig\u00eancia Artificial (RIIA) e a Rede MCTI de Transforma\u00e7\u00e3o Digital (RITD) [Ref-1: <\/span><a href=\"https:\/\/drive.google.com\/file\/d\/1lqGTtwvjZ8qlDfg6ksHwpa8EJFbVfrGs\/view?usp=sharing\"><span style=\"font-weight: 400;\">Instaura\u00e7\u00e3o da Rede MCTI TDI<\/span><\/a><span style=\"font-weight: 400;\">; Ref-2:<\/span><a href=\"https:\/\/drive.google.com\/file\/d\/1CKHX3r8rc9CTToj6bI6AQGfD_JFP8tKJ\/view?usp=sharing\"><span style=\"font-weight: 400;\"> Regimento Interno do Conselho da Rede<\/span><\/a><span style=\"font-weight: 400;\">; Ref-3: <\/span><a href=\"https:\/\/drive.google.com\/file\/d\/1w32jf8l5LpJ2yYzinVi3FfFv_stp34wO\/view?usp=sharing\"><span style=\"font-weight: 400;\">Regimento Interno da Rede MCTI TDI.<\/span><\/a><span style=\"font-weight: 400;\">]. A abordagem interdisciplinar nele adotada permite oferecer t\u00e9cnicas avan\u00e7adas em rob\u00f3tica, automa\u00e7\u00e3o e intelig\u00eancia artificial, para uma ampla gama de usu\u00e1rios, promovendo a excel\u00eancia acad\u00eamica em ensino, pesquisa e extens\u00e3o na FURG e em outras institui\u00e7\u00f5es. Al\u00e9m disso, presta servi\u00e7os e desenvolve projetos junto ao setor produtivo, fortalecendo a sua contribui\u00e7\u00e3o \u00e0 inova\u00e7\u00e3o tecnol\u00f3gica e ao desenvolvimento industrial.<\/span><\/p><h3><b>Rede MCTI\/EMBRAPII de Tecnologia e Inova\u00e7\u00e3o Digital (TID)<\/b><\/h3><p><span style=\"font-weight: 400;\">A Rede MCTI\/Embrapii de Tecnologia e Inova\u00e7\u00e3o Digital (TID) surgiu da fus\u00e3o entre a Rede de Intelig\u00eancia Artificial (RIIA) e a Rede de Transforma\u00e7\u00e3o Digital (RITD) [Ref-4: <\/span><a href=\"https:\/\/www.gov.br\/mcti\/pt-br\/acompanhe-o-mcti\/noticias\/2022\/04\/rede-mcti-embrapii-de-inovacao-em-transformacao-digital-ja-apoia-639-projetos\"><span style=\"font-weight: 400;\">Rede MCTI\/EMBRAPII de Inova\u00e7\u00e3o em Transforma\u00e7\u00e3o Digital (www.gov.br)<\/span><\/a><span style=\"font-weight: 400;\">], iniciando suas opera\u00e7\u00f5es em junho de 2022. Esta rede foi criada com o objetivo de estimular debates, a proposi\u00e7\u00e3o de temas e formas de compartilhamento de infraestrutura que impulsionem a pesquisa, o desenvolvimento e a inova\u00e7\u00e3o, focados em tecnologias digitais, essenciais para a transforma\u00e7\u00e3o digital na ind\u00fastria.<\/span><\/p><p><span style=\"font-weight: 400;\">Atualmente, a rede \u00e9 composta por 25 institui\u00e7\u00f5es credenciadas nas \u00e1reas de Tecnologias da Informa\u00e7\u00e3o e Comunica\u00e7\u00e3o (TIC), conforme ilustrado na Figura 1 [Ref-5: <\/span><a href=\"https:\/\/embrapii.org.br\/wp-content\/images\/2023\/04\/Relatorio-EMBRAPII-2022.pdf\"><span style=\"font-weight: 400;\">Relatorio Anual Embrapii 2022<\/span><\/a><span style=\"font-weight: 400;\">]. As institui\u00e7\u00f5es envolvidas atuam em setores chave como TIC, Intelig\u00eancia Artificial, Internet das Coisas (IoT), Automa\u00e7\u00e3o, Rob\u00f3tica e Integra\u00e7\u00e3o de Sistemas. Elas desempenham um papel fundamental na ado\u00e7\u00e3o de tecnologias habilitadoras que promovem a transforma\u00e7\u00e3o digital da ind\u00fastria brasileira.<\/span><\/p><p><img decoding=\"async\" class=\"aligncenter wp-image-5663 size-full\" src=\"http:\/\/itecfurg.org\/wp-content\/uploads\/2024\/05\/unnamed.png\" alt=\"\" width=\"512\" height=\"153\" srcset=\"https:\/\/itecfurg.org\/wp-content\/uploads\/2024\/05\/unnamed.png 512w, https:\/\/itecfurg.org\/wp-content\/uploads\/2024\/05\/unnamed-300x90.png 300w\" sizes=\"(max-width: 512px) 100vw, 512px\" \/><\/p><h6 style=\"text-align: center;\"><b>Figura 1:<\/b><span style=\"font-weight: 400;\"> Institui\u00e7\u00f5es participantes da Rede MCTI\/Embrapii de Tecnologias,\u00a0<\/span><span style=\"font-weight: 400;\">Inova\u00e7\u00e3o Digital e Intelig\u00eancia Artificial (Rede TID).\u00a0<\/span><\/h6><h4>\u00a0<\/h4><h4><b>Estrutura de Governan\u00e7a da Rede de Tecnologias e Inova\u00e7\u00e3o Digital<\/b><\/h4><p><span style=\"font-weight: 400;\">A Rede de Tecnologias e Inova\u00e7\u00e3o Digital (TID) \u00e9 estruturada de forma a otimizar o compartilhamento de conhecimento e recursos de infraestrutura multiusu\u00e1ria entre institui\u00e7\u00f5es acad\u00eamicas e representantes dos setores governamental e industrial. Essa estrutura de governan\u00e7a, ilustrada na Figura 2, \u00e9 essencial para fomentar discuss\u00f5es e elaborar propostas que visam aumentar a capacidade produtiva e a competitividade das empresas industriais brasileiras no \u00e2mbito da transforma\u00e7\u00e3o digital.<\/span><\/p><p><img decoding=\"async\" class=\"wp-image-5665 size-full aligncenter\" src=\"http:\/\/itecfurg.org\/wp-content\/uploads\/2024\/05\/unnamed-1.png\" alt=\"\" width=\"512\" height=\"210\" srcset=\"https:\/\/itecfurg.org\/wp-content\/uploads\/2024\/05\/unnamed-1.png 512w, https:\/\/itecfurg.org\/wp-content\/uploads\/2024\/05\/unnamed-1-300x123.png 300w\" sizes=\"(max-width: 512px) 100vw, 512px\" \/><\/p><h6 style=\"text-align: center;\"><b>Figura 2:<\/b><span style=\"font-weight: 400;\"> Estrutura de governan\u00e7a da Rede MCTI\/Embrapii TID.\u00a0<\/span><\/h6><p><span style=\"font-weight: 400;\">A governan\u00e7a da Rede \u00e9 assegurada por uma presid\u00eancia e tr\u00eas comit\u00eas t\u00e9cnicos, cujos membros s\u00e3o representantes das institui\u00e7\u00f5es e cumprem mandatos de 12 meses, com participa\u00e7\u00f5es em car\u00e1ter rotativo. Adicionalmente, a Rede \u00e9 apoiada por um Conselho Consultivo composto por oito institui\u00e7\u00f5es provenientes de associa\u00e7\u00f5es empresariais, \u00f3rg\u00e3os governamentais e organiza\u00e7\u00f5es sociais. Os encontros do Conselho ocorrem trimestralmente e s\u00e3o dedicados \u00e0 defini\u00e7\u00e3o de estrat\u00e9gias e diretrizes, al\u00e9m da valida\u00e7\u00e3o das entregas realizadas conforme o plano de a\u00e7\u00f5es dos comit\u00eas t\u00e9cnicos.<\/span><\/p><p><span style=\"font-weight: 400;\">Dentre os comit\u00eas, o Comit\u00ea de Infraestrutura e Capacita\u00e7\u00e3o, coordenado pelo iTec\/FURG, desempenha um papel crucial, com os seguintes objetivos:<\/span><\/p><ul><li style=\"font-weight: 400;\" aria-level=\"1\"><span style=\"font-weight: 400;\">Promover a coopera\u00e7\u00e3o cient\u00edfica e tecnol\u00f3gica entre as institui\u00e7\u00f5es participantes;<\/span><\/li><li style=\"font-weight: 400;\" aria-level=\"1\"><span style=\"font-weight: 400;\">Alinhar as ofertas de infraestrutura multiusu\u00e1ria dos membros da Rede \u00e0s demandas tecnol\u00f3gicas da ind\u00fastria nacional;<\/span><\/li><li style=\"font-weight: 400;\" aria-level=\"1\"><span style=\"font-weight: 400;\">Detalhar a oferta de infraestrutura com capacidade multiusu\u00e1ria, considerando o escopo, m\u00e9todos de compartilhamento, e a presta\u00e7\u00e3o de servi\u00e7os;<\/span><\/li><li style=\"font-weight: 400;\" aria-level=\"1\"><span style=\"font-weight: 400;\">Identificar lacunas na infraestrutura existente e elaborar um plano de investimento e readequa\u00e7\u00e3o;<\/span><\/li><li style=\"font-weight: 400;\" aria-level=\"1\"><span style=\"font-weight: 400;\">Capacitar a rede e seus stakeholders, incluindo os parceiros industriais, para melhor atender \u00e0s necessidades tecnol\u00f3gicas emergentes.<\/span><\/li><\/ul><h5><strong>Refer\u00eancias<\/strong><\/h5><h5>\u00a0<\/h5><h5><span style=\"font-weight: 400;\">Ref-1: <\/span><a href=\"https:\/\/drive.google.com\/file\/d\/1lqGTtwvjZ8qlDfg6ksHwpa8EJFbVfrGs\/view?usp=sharing\"><span style=\"font-weight: 400;\">Instaura\u00e7\u00e3o da Rede MCTI TDI &#8211; Reuni\u00e3o do Conselho.<\/span><\/a><\/h5><h5><span style=\"font-weight: 400;\">Ref-2:<\/span><a href=\"https:\/\/drive.google.com\/file\/d\/1CKHX3r8rc9CTToj6bI6AQGfD_JFP8tKJ\/view?usp=sharing\"><span style=\"font-weight: 400;\"> Regimento Interno do Conselho da Rede MCTI TDI.\u00a0<\/span><\/a><\/h5><h5><span style=\"font-weight: 400;\">Ref-3: <\/span><a href=\"https:\/\/drive.google.com\/file\/d\/1w32jf8l5LpJ2yYzinVi3FfFv_stp34wO\/view?usp=sharing\"><span style=\"font-weight: 400;\">Regimento Interno da Rede MCTI TDI.\u00a0<\/span><\/a><\/h5><h5><span style=\"font-weight: 400;\">Ref-4: <\/span><a href=\"https:\/\/www.gov.br\/mcti\/pt-br\/acompanhe-o-mcti\/noticias\/2022\/04\/rede-mcti-embrapii-de-inovacao-em-transformacao-digital-ja-apoia-639-projetos\"><span style=\"font-weight: 400;\">Rede MCTI\/EMBRAPII de Inova\u00e7\u00e3o em Transforma\u00e7\u00e3o Digital &#8211; Minist\u00e9rio da Ci\u00eancia, Tecnologia e Inova\u00e7\u00e3o (<\/span><\/a><a href=\"http:\/\/www.gov.br\"><span style=\"font-weight: 400;\">www.gov.br<\/span><\/a><a href=\"https:\/\/www.gov.br\/mcti\/pt-br\/acompanhe-o-mcti\/noticias\/2022\/04\/rede-mcti-embrapii-de-inovacao-em-transformacao-digital-ja-apoia-639-projetos\"><span style=\"font-weight: 400;\">)<\/span><\/a><\/h5><h5><span style=\"font-weight: 400;\">Ref-5: <\/span><a href=\"https:\/\/embrapii.org.br\/wp-content\/images\/2023\/04\/Relatorio-EMBRAPII-2022.pdf\"><span style=\"font-weight: 400;\">Relatorio Anual Embrapii 2022<\/span><\/a><\/h5><\/div>\n\t\t\t\t\t\t\t\t\t<div class=\"elementor-tab-title elementor-tab-mobile-title\" aria-selected=\"false\" data-tab=\"2\" role=\"tab\" tabindex=\"-1\" aria-controls=\"elementor-tab-content-2412\" aria-expanded=\"false\"> Infraestrutura<\/div>\n\t\t\t\t\t<div id=\"elementor-tab-content-2412\" class=\"elementor-tab-content elementor-clearfix\" data-tab=\"2\" role=\"tabpanel\" aria-labelledby=\"elementor-tab-title-2412\" tabindex=\"0\" hidden=\"hidden\"><h3><b>Infraestrutura Tecnol\u00f3gica Avan\u00e7ada no Centro Multiusu\u00e1rio iTec\/FURG<\/b><\/h3><p><span style=\"font-weight: 400;\">O Centro Multiusu\u00e1rio iTec\/FURG \u00e9 um polo de em pesquisa, desenvolvimento e inova\u00e7\u00e3o, com foco nas \u00e1reas de computa\u00e7\u00e3o, rob\u00f3tica, automa\u00e7\u00e3o e intelig\u00eancia artificial. Sua infraestrutura computacional e rob\u00f3tica abrange uma variedade de laborat\u00f3rios especializados, cada um dedicado a impulsionar a fronteira do conhecimento e facilitar o desenvolvimento de solu\u00e7\u00f5es avan\u00e7adas para desafios complexos para o setor produtivo.<\/span><\/p><p><b>Laborat\u00f3rios Especializados:<\/b><\/p><ul><li style=\"font-weight: 400;\" aria-level=\"1\"><b>Percep\u00e7\u00e3o Inteligente:<\/b><span style=\"font-weight: 400;\"> Equipado com sistemas avan\u00e7ados de vis\u00e3o computacional e intelig\u00eancia artificial, este laborat\u00f3rio emprega c\u00e2meras de alta velocidade e sistemas especializados de ilumina\u00e7\u00e3o para realizar an\u00e1lises complexas de imagens em tempo real.<\/span><\/li><li style=\"font-weight: 400;\" aria-level=\"1\"><b>Prototipa\u00e7\u00e3o e Manufatura Avan\u00e7ada:<\/b><span style=\"font-weight: 400;\"> Este laborat\u00f3rio oferece recursos para o desenvolvimento de prot\u00f3tipos e a produ\u00e7\u00e3o de componentes de alta precis\u00e3o, incluindo equipamentos de soldagem automatizada e tecnologias de manufatura aditiva.<\/span><\/li><li style=\"font-weight: 400;\" aria-level=\"1\"><b>Captura de Movimentos na Ind\u00fastria 5.0: <\/b><span style=\"font-weight: 400;\">Utilizando sistemas de captura de movimento de \u00faltima gera\u00e7\u00e3o, este laborat\u00f3rio analisa poses e movimentos de pessoas em ambientes industriais, fornecendo <\/span><i><span style=\"font-weight: 400;\">insights<\/span><\/i><span style=\"font-weight: 400;\"> valiosos para otimiza\u00e7\u00e3o de processos e seguran\u00e7a do trabalho.<\/span><\/li><li style=\"font-weight: 400;\" aria-level=\"1\"><b>Ind\u00fastria 5.0 \u2013 Superf\u00edcies e Soldagem: <\/b><span style=\"font-weight: 400;\">Focado na integra\u00e7\u00e3o de tecnologias avan\u00e7adas na ind\u00fastria, este laborat\u00f3rio pesquisa m\u00e9todos inovadores de soldagem e tratamento de superf\u00edcies, impulsionando a efici\u00eancia e a qualidade na produ\u00e7\u00e3o industrial.<\/span><\/li><li style=\"font-weight: 400;\" aria-level=\"1\"><b>Automa\u00e7\u00e3o Rob\u00f3tica Inteligente: <\/b><span style=\"font-weight: 400;\">Este laborat\u00f3rio concentra-se no desenvolvimento e teste de sistemas aut\u00f4nomos e rob\u00f3ticos inteligentes, incluindo ve\u00edculos rob\u00f3ticos subaqu\u00e1ticos de observa\u00e7\u00e3o submarina remota (ROVs) e drones avan\u00e7ados para inspe\u00e7\u00e3o em diversas ind\u00fastrias.<\/span><\/li><li style=\"font-weight: 400;\" aria-level=\"1\"><b>Modelagem, Simula\u00e7\u00e3o e Emula\u00e7\u00e3o:<\/b><span style=\"font-weight: 400;\"> Com uma infraestrutura robusta de computa\u00e7\u00e3o de alto desempenho (HPC) e intelig\u00eancia artificial (IA), este laborat\u00f3rio oferece recursos para an\u00e1lise de dados em larga escala, modelagem avan\u00e7ada e simula\u00e7\u00e3o computacional.<\/span><\/li><li style=\"font-weight: 400;\" aria-level=\"1\"><b>Tecnologia de Geoinforma\u00e7\u00e3o:<\/b><span style=\"font-weight: 400;\"> Este laborat\u00f3rio utiliza tecnologias geoespaciais e sistemas de informa\u00e7\u00e3o geogr\u00e1fica para an\u00e1lise e visualiza\u00e7\u00e3o de dados georreferenciados, contribuindo para aplica\u00e7\u00f5es em planejamento urbano, gest\u00e3o ambiental e muito mais.<\/span><\/li><\/ul><p><b>Resumo da Infraestrutura Computacional e Rob\u00f3tica:<\/b><\/p><ul><li style=\"font-weight: 400;\" aria-level=\"1\"><b>Computacional HPC e IA: <\/b><span style=\"font-weight: 400;\">O Centro Multiusu\u00e1rio iTec\/FURG disp\u00f5e de uma potente infraestrutura computacional, incluindo 160.768 GPU CUDA Cores para processamento paralelo em n\u00edvel de dados, 13.207 GPU Tensor Cores para computa\u00e7\u00e3o de precis\u00e3o mista e 284 CPU Cores para processamento paralelo gen\u00e9rico.<\/span><\/li><li style=\"font-weight: 400;\" aria-level=\"1\"><b>Rob\u00f3tica, Automa\u00e7\u00e3o e Intelig\u00eancia Artificial: <\/b><span style=\"font-weight: 400;\">A infraestrutura rob\u00f3tica abrange uma ampla gama de recursos, desde ve\u00edculos subaqu\u00e1ticos ROVs at\u00e9 drones avan\u00e7ados para inspe\u00e7\u00e3o em v\u00e1rias ind\u00fastrias. Al\u00e9m disso, sistemas de vis\u00e3o computacional, equipamentos de soldagem automatizada e sistemas de captura de movimento complementam a oferta do centro.<\/span><\/li><\/ul><p><span style=\"font-weight: 400;\">Em resumo, a infraestrutura de computa\u00e7\u00e3o, rob\u00f3tica, automa\u00e7\u00e3o e intelig\u00eancia artificial do Centro Multiusu\u00e1rio iTec\/FURG oferece um ambiente para pesquisa e inova\u00e7\u00e3o, capacitando cientistas e engenheiros a enfrentar os desafios mais complexos de transforma\u00e7\u00e3o digital para a nova ind\u00fastria brasileira.<\/span><\/p><p><b>INFRAESTRUTURA COMPUTACIONAL\u00a0<\/b><\/p><p><span style=\"font-weight: 400;\">Transforma\u00e7\u00e3o Digital Na Ind\u00fastria Brasileira &#8211; Rob\u00f3tica, Automa\u00e7\u00e3o e Intelig\u00eancia Artificial<\/span><\/p><p><a href=\"http:\/\/itecfurg.org\/wp-content\/uploads\/2024\/05\/Captura-de-tela-2024-05-03-131637.png\"><img loading=\"lazy\" decoding=\"async\" class=\"aligncenter wp-image-5872 size-full\" src=\"http:\/\/itecfurg.org\/wp-content\/uploads\/2024\/05\/Captura-de-tela-2024-05-03-131637.png\" alt=\"\" width=\"640\" height=\"883\" srcset=\"https:\/\/itecfurg.org\/wp-content\/uploads\/2024\/05\/Captura-de-tela-2024-05-03-131637.png 640w, https:\/\/itecfurg.org\/wp-content\/uploads\/2024\/05\/Captura-de-tela-2024-05-03-131637-217x300.png 217w\" sizes=\"(max-width: 640px) 100vw, 640px\" \/><\/a><\/p><p><strong>INFRAESTRUTURA ROB\u00d3TICA E AUTOMA\u00c7\u00c3O<\/strong><\/p><p>Transforma\u00e7\u00e3o Digital Na Ind\u00fastria Brasileira &#8211; Rob\u00f3tica, Automa\u00e7\u00e3o e Intelig\u00eancia Artificial<\/p><p><a href=\"http:\/\/itecfurg.org\/wp-content\/uploads\/2024\/05\/Captura-de-tela-2024-05-03-132017.png\"><img loading=\"lazy\" decoding=\"async\" class=\"aligncenter wp-image-5873 size-full\" src=\"http:\/\/itecfurg.org\/wp-content\/uploads\/2024\/05\/Captura-de-tela-2024-05-03-132017.png\" alt=\"\" width=\"538\" height=\"783\" srcset=\"https:\/\/itecfurg.org\/wp-content\/uploads\/2024\/05\/Captura-de-tela-2024-05-03-132017.png 538w, https:\/\/itecfurg.org\/wp-content\/uploads\/2024\/05\/Captura-de-tela-2024-05-03-132017-206x300.png 206w\" sizes=\"(max-width: 538px) 100vw, 538px\" \/><\/a> <a href=\"http:\/\/itecfurg.org\/wp-content\/uploads\/2024\/05\/Captura-de-tela-2024-05-03-132029.png\"><img loading=\"lazy\" decoding=\"async\" class=\"aligncenter wp-image-5874 size-full\" src=\"http:\/\/itecfurg.org\/wp-content\/uploads\/2024\/05\/Captura-de-tela-2024-05-03-132029.png\" alt=\"\" width=\"538\" height=\"808\" srcset=\"https:\/\/itecfurg.org\/wp-content\/uploads\/2024\/05\/Captura-de-tela-2024-05-03-132029.png 538w, https:\/\/itecfurg.org\/wp-content\/uploads\/2024\/05\/Captura-de-tela-2024-05-03-132029-200x300.png 200w\" sizes=\"(max-width: 538px) 100vw, 538px\" \/><\/a> <a href=\"http:\/\/itecfurg.org\/wp-content\/uploads\/2024\/05\/Captura-de-tela-2024-05-03-132041.png\"><img loading=\"lazy\" decoding=\"async\" class=\"wp-image-5875 size-full aligncenter\" src=\"http:\/\/itecfurg.org\/wp-content\/uploads\/2024\/05\/Captura-de-tela-2024-05-03-132041.png\" alt=\"\" width=\"540\" height=\"861\" srcset=\"https:\/\/itecfurg.org\/wp-content\/uploads\/2024\/05\/Captura-de-tela-2024-05-03-132041.png 540w, https:\/\/itecfurg.org\/wp-content\/uploads\/2024\/05\/Captura-de-tela-2024-05-03-132041-188x300.png 188w\" sizes=\"(max-width: 540px) 100vw, 540px\" \/><\/a> <a href=\"http:\/\/itecfurg.org\/wp-content\/uploads\/2024\/05\/Captura-de-tela-2024-05-03-132054.png\"><img loading=\"lazy\" decoding=\"async\" class=\"aligncenter wp-image-5876 size-full\" src=\"http:\/\/itecfurg.org\/wp-content\/uploads\/2024\/05\/Captura-de-tela-2024-05-03-132054.png\" alt=\"\" width=\"537\" height=\"721\" srcset=\"https:\/\/itecfurg.org\/wp-content\/uploads\/2024\/05\/Captura-de-tela-2024-05-03-132054.png 537w, https:\/\/itecfurg.org\/wp-content\/uploads\/2024\/05\/Captura-de-tela-2024-05-03-132054-223x300.png 223w\" sizes=\"(max-width: 537px) 100vw, 537px\" \/><\/a><\/p><\/div>\n\t\t\t\t\t\t\t\t\t<div class=\"elementor-tab-title elementor-tab-mobile-title\" aria-selected=\"false\" data-tab=\"3\" role=\"tab\" tabindex=\"-1\" aria-controls=\"elementor-tab-content-2413\" aria-expanded=\"false\"> Onde estamos<\/div>\n\t\t\t\t\t<div id=\"elementor-tab-content-2413\" class=\"elementor-tab-content elementor-clearfix\" data-tab=\"3\" role=\"tabpanel\" aria-labelledby=\"elementor-tab-title-2413\" tabindex=\"0\" hidden=\"hidden\"><p style=\"text-align: left;\"><strong>Centro Multiusu\u00e1rio iTec\/FURG &#8211; Desenvolvimento Tecnol\u00f3gico em Rob\u00f3tica, Automa\u00e7\u00e3o e Intelig\u00eancia Artificial da Universidade Federal do Rio\u00a0Grande\u00a0(FURG)<\/strong><\/p><p style=\"text-align: left;\"><b>Endere\u00e7o:<\/b> <span style=\"font-weight: 400;\">Avenida It\u00e1lia, km 8, s\/n, Campus Carreiros &#8211; CEP 96203900, Rio Grande<\/span><\/p><p style=\"text-align: left;\"><strong>Acesse no Google Maps: <\/strong><a href=\"https:\/\/maps.app.goo.gl\/vKtM9N3vLqSTFSwz6\">https:\/\/maps.app.goo.gl\/vKtM9N3vLqSTFSwz6<\/a><\/p><p><a href=\"http:\/\/itecfurg.org\/wp-content\/uploads\/2024\/05\/22.png\"><img loading=\"lazy\" decoding=\"async\" class=\"alignnone wp-image-5857 size-full\" src=\"http:\/\/itecfurg.org\/wp-content\/uploads\/2024\/05\/22.png\" alt=\"\" width=\"925\" height=\"741\" srcset=\"https:\/\/itecfurg.org\/wp-content\/uploads\/2024\/05\/22.png 925w, https:\/\/itecfurg.org\/wp-content\/uploads\/2024\/05\/22-300x240.png 300w, https:\/\/itecfurg.org\/wp-content\/uploads\/2024\/05\/22-768x615.png 768w\" sizes=\"(max-width: 925px) 100vw, 925px\" \/><\/a><\/p><\/div>\n\t\t\t\t\t\t\t\t\t<div class=\"elementor-tab-title elementor-tab-mobile-title\" aria-selected=\"false\" data-tab=\"4\" role=\"tab\" tabindex=\"-1\" aria-controls=\"elementor-tab-content-2414\" aria-expanded=\"false\">Usu\u00e1rios<\/div>\n\t\t\t\t\t<div id=\"elementor-tab-content-2414\" class=\"elementor-tab-content elementor-clearfix\" data-tab=\"4\" role=\"tabpanel\" aria-labelledby=\"elementor-tab-title-2414\" tabindex=\"0\" hidden=\"hidden\"><p><strong>Usu\u00e1rios Regionais e Nacionais da Infraestrutura Multiusu\u00e1ria do iTec\/FURG<\/strong><br \/><strong>Usu\u00e1rios FURG e Regional<\/strong><\/p><p>A infraestrutura multiusu\u00e1ria do iTec\/FURG \u00e9 acess\u00edvel a toda a comunidade, tanto de institui\u00e7\u00f5es p\u00fablicas quanto privadas. Na FURG, o iTec-FURG colabora ativamente com os seguintes programas de p\u00f3s-gradua\u00e7\u00e3o:<\/p><p><strong>Centro de Ci\u00eancias Computacionais (C3):<\/strong><br \/><a href=\"https:\/\/ppgcomp.furg.br\">Programa de P\u00f3s-Gradua\u00e7\u00e3o em Computa\u00e7\u00e3o &#8211; PPGCOMP<\/a><br \/><a href=\"https:\/\/ppgcomp.furg.br\">Programa de P\u00f3s-Gradua\u00e7\u00e3o em Modelagem Computacional &#8211; PPGMC<\/a><br \/><strong>Instituto de Oceanografia &#8211; IO:<\/strong><br \/><a href=\"https:\/\/ppgo.furg.br\/\">Programa de P\u00f3s-Gradua\u00e7\u00e3o em Oceanologia &#8211; PPGO<\/a><br \/><a href=\"https:\/\/ppgo.furg.br\/\">Programa de P\u00f3s-Gradua\u00e7\u00e3o em Oceanogorafia Biol\u00f3gica &#8211; PPGOCBIO<\/a><br \/><a href=\"https:\/\/ppgo.furg.br\/\">Programa de P\u00f3s-Gradua\u00e7\u00e3o em Aquicultura &#8211; PPGAq<\/a><\/p><p><strong>Usu\u00e1rios Nacionais<\/strong><\/p><p>Nacionalmente, o iTec\/FURG, em colabora\u00e7\u00e3o com outras institui\u00e7\u00f5es, oferece sua infraestrutura como parte da Rede MCTI\/Embrapii de Tecnologias e Inova\u00e7\u00e3o Digital. Os usu\u00e1rios dessa rede incluem:<\/p><ul><li><strong>Centros Universit\u00e1rios e de Pesquisa:<\/strong><br \/>Centro de Engenharia El\u00e9trica e Inform\u00e1tica da UFCG (CEEI\/UFCG)<br \/>Centro de Excel\u00eancia em Intelig\u00eancia Artificial da UFG (CEIA\/UFG)<br \/>Centro de Inform\u00e1tica da UFPE (CIn\/UFPE)<br \/>Departamento de Ci\u00eancia da Computa\u00e7\u00e3o da UFMG (DCC\/UFMG)<br \/>Centro de Inova\u00e7\u00e3o EDGE da UFAL (EDGE\/UFAL)<br \/>Instituto de F\u00edsica de S\u00e3o Carlos da USP (IFSC\/USP)<br \/>Laborat\u00f3rio de Engenharia de Sistemas da Computa\u00e7\u00e3o da UFC (LESC\/UFC)<br \/>E outros institutos focados em inova\u00e7\u00e3o e tecnologia, incluindo Funda\u00e7\u00e3o CERTI, CESAR, CPqD, Instituto Eldorado, entre outros.<\/li><li><strong>Polos de Inova\u00e7\u00e3o e Institutos SENAI:<\/strong><br \/>V\u00e1rios Polos de Inova\u00e7\u00e3o dos Institutos Federais distribu\u00eddos pelo Brasil, como IFBA, IFCE, IFES, IFMG, IFPB, e IFSC.<br \/>Instituto SENAI de Inova\u00e7\u00e3o em Sistemas Embarcados<br \/>Instituto SENAI de Inova\u00e7\u00e3o em Solu\u00e7\u00f5es Integradas em Metalmec\u00e2nica (ISI Metalmec\u00e2nica\/Sensoriamento)<\/li><li><strong>Outras Institui\u00e7\u00f5es:<\/strong><br \/>Instituto Nacional de Telecomunica\u00e7\u00f5es (Inatel)<br \/>Instituto de Desenvolvimento Tecnol\u00f3gico (INDT)<br \/>Instituto Tecgraf da PUC-Rio<br \/>Institutos Lactec<br \/>SENAI CIMATEC<\/li><\/ul><p>Essa rede extensiva de colabora\u00e7\u00e3o sublinha o compromisso do iTec\/FURG com a promo\u00e7\u00e3o da inova\u00e7\u00e3o tecnol\u00f3gica e o desenvolvimento cient\u00edfico em \u00e2mbito regional e nacional.<\/p><\/div>\n\t\t\t\t\t\t\t\t\t<div class=\"elementor-tab-title elementor-tab-mobile-title\" aria-selected=\"false\" data-tab=\"5\" role=\"tab\" tabindex=\"-1\" aria-controls=\"elementor-tab-content-2415\" aria-expanded=\"false\">Comit\u00ea Gestor<\/div>\n\t\t\t\t\t<div id=\"elementor-tab-content-2415\" class=\"elementor-tab-content elementor-clearfix\" data-tab=\"5\" role=\"tabpanel\" aria-labelledby=\"elementor-tab-title-2415\" tabindex=\"0\" hidden=\"hidden\"><h3><b>Comit\u00ea Gestor iTec\/FURG Centro Multiusu\u00e1rio<\/b><\/h3><p><span style=\"font-weight: 400;\">O Comit\u00ea Gestor do Centro Multiusu\u00e1rio iTec\/FURG, com fun\u00e7\u00f5es consultivas e deliberativas, \u00e9 composto pelo Comit\u00ea Estrat\u00e9gico e pela Diretoria Executiva do iTec\/FURG, de acordo com a portaria 1827\/2021 que disp\u00f5e sobre o regimento interno do iTec\/FURG.\u00a0<\/span><\/p><p><span style=\"font-weight: 400;\">Portaria FURG 1827\/2021:\u00a0<\/span><\/p><p><a href=\"https:\/\/conselhos.furg.br\/portarias\/portarias-2021\/portaria-1827-agosto-2021\"><span style=\"font-weight: 400;\">https:\/\/conselhos.furg.br\/portarias\/portarias-2021\/portaria-1827-agosto-2021<\/span><\/a><\/p><p><span style=\"font-weight: 400;\">Seguindo a portaria 1827\/2022, atualmente, o Comit\u00ea Gestor do Centro Multiusu\u00e1rio iTec\/FURG \u00e9 composto pelos seguintes membros:<\/span><\/p><p><span style=\"font-weight: 400;\">Comit\u00ea Estrat\u00e9gico:\u00a0<\/span><\/p><ol><li style=\"font-weight: 400;\" aria-level=\"1\"><span style=\"font-weight: 400;\">Reitor(a);<\/span><\/li><li style=\"font-weight: 400;\" aria-level=\"1\"><span style=\"font-weight: 400;\">Pr\u00f3-Reitor(a) de Inova\u00e7\u00e3o e Tecnologia da Informa\u00e7\u00e3o;\u00a0<\/span><\/li><li style=\"font-weight: 400;\" aria-level=\"1\"><span style=\"font-weight: 400;\">Diretor(a) Executivo(a) do OCEANTEC Parque Tecnol\u00f3gico;<\/span><\/li><li style=\"font-weight: 400;\" aria-level=\"1\"><span style=\"font-weight: 400;\">Diretor(a) do Centro de Ci\u00eancias Computacionais;<\/span><\/li><li style=\"font-weight: 400;\" aria-level=\"1\"><span style=\"font-weight: 400;\">Diretor(a) da UE-iTec\/FURG;<\/span><\/li><\/ol><p><span style=\"font-weight: 400;\">Diretoria Executiva:<\/span><\/p><ol><li style=\"font-weight: 400;\" aria-level=\"1\"><span style=\"font-weight: 400;\">Vice-Diretor(a);<\/span><\/li><li style=\"font-weight: 400;\" aria-level=\"1\"><span style=\"font-weight: 400;\">Coordenador(a) de Planejamento;<\/span><\/li><li style=\"font-weight: 400;\" aria-level=\"1\"><span style=\"font-weight: 400;\">Coordenador(a) de Prospec\u00e7\u00e3o;<\/span><\/li><li style=\"font-weight: 400;\" aria-level=\"1\"><span style=\"font-weight: 400;\">Coordenador(a) Financeiro;<\/span><\/li><li style=\"font-weight: 400;\" aria-level=\"1\"><span style=\"font-weight: 400;\">Coordenador(a) de Carteira; e<\/span><\/li><li style=\"font-weight: 400;\" aria-level=\"1\"><span style=\"font-weight: 400;\">Coordenador(a) de Forma\u00e7\u00e3o de Recursos Humanos.<\/span><\/li><\/ol><p><span style=\"font-weight: 400;\">Pr\u00f3-reitoria de Pesquisa e P\u00f3s Gradua\u00e7\u00e3o<\/span><\/p><ol><li style=\"font-weight: 400;\" aria-level=\"1\"><span style=\"font-weight: 400;\">Pro-reitor(a)\u00a0<\/span><\/li><\/ol><\/div>\n\t\t\t\t\t\t\t\t\t<div class=\"elementor-tab-title elementor-tab-mobile-title\" aria-selected=\"false\" data-tab=\"6\" role=\"tab\" tabindex=\"-1\" aria-controls=\"elementor-tab-content-2416\" aria-expanded=\"false\">Gest\u00e3o de Uso<\/div>\n\t\t\t\t\t<div id=\"elementor-tab-content-2416\" class=\"elementor-tab-content elementor-clearfix\" data-tab=\"6\" role=\"tabpanel\" aria-labelledby=\"elementor-tab-title-2416\" tabindex=\"0\" hidden=\"hidden\"><p><strong>N\u00ba 150 <\/strong>&#8211; Disp\u00f5e sobre o regulamento do Programa de Compartilhamento de Equipamentos Multiusu\u00e1rios (PROCEM) da Universidade Federal do Rio Grande \u2013 FURG. Dispon\u00edvel em:<\/p><p><strong><a href=\"http:\/\/itecfurg.org\/wp-content\/uploads\/2024\/05\/Resolucao_150.pdf\">Resolucao_150<\/a><\/strong><\/p><\/div>\n\t\t\t\t\t\t\t\t\t<div class=\"elementor-tab-title elementor-tab-mobile-title\" aria-selected=\"false\" data-tab=\"7\" role=\"tab\" tabindex=\"-1\" aria-controls=\"elementor-tab-content-2417\" aria-expanded=\"false\">Publica\u00e7\u00f5es<\/div>\n\t\t\t\t\t<div id=\"elementor-tab-content-2417\" class=\"elementor-tab-content elementor-clearfix\" data-tab=\"7\" role=\"tabpanel\" aria-labelledby=\"elementor-tab-title-2417\" tabindex=\"0\" hidden=\"hidden\"><h4>Confira nossos artigos cient\u00edficos, resultados de projetos realizados com a contribui\u00e7\u00e3o do iTec\/FURG, separados por ano:<\/h4><ul><li><strong>PRODU\u00c7\u00c3O CIENT\u00cdFICA RELEVANTE DOS \u00daLTIMOS 4 ANOS PUBLICADAS EM PERI\u00d3DICOS, ACESSO: <a href=\"http:\/\/itecfurg.org\/wp-content\/uploads\/2024\/05\/producao_PPGComp_2020-2023_periodicos.pdf\">producao_PPGComp_2020-2023_periodicos<\/a><\/strong><\/li><li><strong>PRODU\u00c7\u00c3O CIENT\u00cdFICA RELEVANTE DOS \u00daLTIMOS 4 ANOS PUBLICADAS EM LIVROS E CAP\u00cdTULOS, ACESSO: <a href=\"http:\/\/itecfurg.org\/wp-content\/uploads\/2024\/05\/producao_PPGComp_2020-2023_livros_capitulos.pdf\">producao_PPGComp_2020-2023_livros_capitulos<\/a><\/strong><\/li><li><strong>PRODU\u00c7\u00c3O CIENT\u00cdFICA RELEVANTE DOS \u00daLTIMOS 4 ANOS PUBLICADAS EM CANAIS DE EVENTOS, ACESSO: <a href=\"http:\/\/itecfurg.org\/wp-content\/uploads\/2024\/05\/producao_PPGComp_2020-2023_anais.pdf\">producao_PPGComp_2020-2023_canais<\/a><\/strong><\/li><\/ul><\/div>\n\t\t\t\t\t\t\t\t\t<div class=\"elementor-tab-title elementor-tab-mobile-title\" aria-selected=\"false\" data-tab=\"8\" role=\"tab\" tabindex=\"-1\" aria-controls=\"elementor-tab-content-2418\" aria-expanded=\"false\">Agendamento Online<\/div>\n\t\t\t\t\t<div id=\"elementor-tab-content-2418\" class=\"elementor-tab-content elementor-clearfix\" data-tab=\"8\" role=\"tabpanel\" aria-labelledby=\"elementor-tab-title-2418\" tabindex=\"0\" hidden=\"hidden\"><h3>SIAM iTec-FURG: Sistema Integrado de Agendamento Multiusu\u00e1rio<\/h3><h4>Agendamento On-line<\/h4><p><span style=\"font-weight: 400;\">O agendamento para acesso e uso dos equipamentos da <\/span><b>infraestrutura computacional<\/b><span style=\"font-weight: 400;\"> e <\/span><b>infraestrutura de rob\u00f3tica e automa\u00e7\u00e3o <\/b><span style=\"font-weight: 400;\">deve ser realizado pelo pesquisador e institui\u00e7\u00e3o interessada por meio do formul\u00e1rio integrado de agendamento multiusu\u00e1rio iTec-FURG:\u00a0<\/span><\/p><p><a href=\"https:\/\/docs.google.com\/forms\/d\/e\/1FAIpQLScaeTkQeyu5XPsCGgQ_kFcq4VpYJ-o0iXG0zKroPy9PTn6Vaw\/viewform\"><img loading=\"lazy\" decoding=\"async\" class=\"alignnone wp-image-5957 size-full\" src=\"http:\/\/itecfurg.org\/wp-content\/uploads\/2024\/05\/Captura-de-tela-2024-05-23-144104.png\" alt=\"\" width=\"1505\" height=\"344\" srcset=\"https:\/\/itecfurg.org\/wp-content\/uploads\/2024\/05\/Captura-de-tela-2024-05-23-144104.png 1505w, https:\/\/itecfurg.org\/wp-content\/uploads\/2024\/05\/Captura-de-tela-2024-05-23-144104-300x69.png 300w, https:\/\/itecfurg.org\/wp-content\/uploads\/2024\/05\/Captura-de-tela-2024-05-23-144104-1024x234.png 1024w, https:\/\/itecfurg.org\/wp-content\/uploads\/2024\/05\/Captura-de-tela-2024-05-23-144104-768x176.png 768w\" sizes=\"(max-width: 1505px) 100vw, 1505px\" \/><\/a><\/p><p><b><i>Link:<\/i><\/b> <a href=\"https:\/\/forms.gle\/RoAiyB8rH5uX1qV18\" target=\"_blank\" rel=\"noopener\"><span style=\"font-weight: 400;\">Clique aqui para realizar o seu agendamento para acesso e uso de recursos e infraestutura do Centro Multiusu\u00e1rio iTec-FURG.<\/span><\/a><\/p><h3><b>Agenda de Requisi\u00e7\u00f5es &#8211; Vis\u00e3o Panor\u00e2mica<\/b><\/h3><p><span style=\"font-weight: 400;\">No link abaixo voc\u00ea consegue acompanhar os agendamentos realizados no Sistema Integrado de Agendamento Multiusu\u00e1rio (SIAM iTec-FURG).\u00a0<\/span><\/p><p><a href=\"https:\/\/calendar.app.google\/w9ht1nsJRmZxkkR9A\"><img loading=\"lazy\" decoding=\"async\" class=\"alignnone wp-image-5958 size-full\" src=\"http:\/\/itecfurg.org\/wp-content\/uploads\/2024\/05\/Captura-de-tela-2024-05-23-144257.png\" alt=\"\" width=\"1886\" height=\"630\" srcset=\"https:\/\/itecfurg.org\/wp-content\/uploads\/2024\/05\/Captura-de-tela-2024-05-23-144257.png 1886w, https:\/\/itecfurg.org\/wp-content\/uploads\/2024\/05\/Captura-de-tela-2024-05-23-144257-300x100.png 300w, https:\/\/itecfurg.org\/wp-content\/uploads\/2024\/05\/Captura-de-tela-2024-05-23-144257-1024x342.png 1024w, https:\/\/itecfurg.org\/wp-content\/uploads\/2024\/05\/Captura-de-tela-2024-05-23-144257-768x257.png 768w, https:\/\/itecfurg.org\/wp-content\/uploads\/2024\/05\/Captura-de-tela-2024-05-23-144257-1536x513.png 1536w\" sizes=\"(max-width: 1886px) 100vw, 1886px\" \/><\/a><\/p><p><b><i>Link:<\/i><\/b> <a href=\"https:\/\/calendar.app.google\/w9ht1nsJRmZxkkR9A\" target=\"_blank\" rel=\"noopener\"><span style=\"font-weight: 400;\">Clique aqui para o Sistema Integrado de Agendamento Multiusu\u00e1rio &#8211; iTec-FURG (SIAM iTec-FURG)<\/span><\/a><\/p><h6><span style=\"font-weight: 400;\">** Importante: Alguns dados pode estar mascarados pelo sistema para atender os requisitos de privacidade de dados da Lei de Prote\u00e7\u00e3o de Dados (LGPD, <\/span><a href=\"http:\/\/legislacao.planalto.gov.br\/legisla\/legislacao.nsf\/Viw_Identificacao\/lei%2013.709-2018?OpenDocument\" target=\"_blank\" rel=\"noopener\"><b>LEI N\u00ba 13.709, DE 14 DE AGOSTO DE 2018<\/b><\/a><span style=\"font-weight: 400;\">)<\/span><\/h6><h3><b>Regras de Agendamento e Controle de Acesso<\/b><\/h3><p><span style=\"font-weight: 400;\">O agendamento e controle de acesso s\u00e3o estabelecidos seguindo resolu\u00e7\u00e3o 150 do Programa de Compartilhamento de Equipamentos Multiusu\u00e1rios (PROCEM) da Universidade Federal do Rio Grande \u2013 FURG.\u00a0<\/span><\/p><p><span style=\"font-weight: 400;\">A resolu\u00e7\u00e3o est\u00e1 dispon\u00edvel em:<\/span><\/p><p><b><i>Link:<\/i><\/b><span style=\"font-weight: 400;\">\u00a0 <\/span><a href=\"http:\/\/itecfurg.org\/wp-content\/uploads\/2024\/05\/Resolucao_150.pdf\" target=\"_blank\" rel=\"noopener\"><span style=\"font-weight: 400;\">Resolucao 150<\/span><\/a><span style=\"font-weight: 400;\"> da Universidade Federal do Rio Grande<\/span><\/p><h3><b>Modelo de Proposta de Servi\u00e7os Multiusu\u00e1rio iTec-FURG<\/b><\/h3><p><span style=\"font-weight: 400;\">O agendamento de recursos computacionais e de rob\u00f3tica e automa\u00e7\u00e3o seguir\u00e1 um modelo de proposta padr\u00e3o de servi\u00e7os multiusu\u00e1rios conforme o documento abaixo. Este documento template descreve os servi\u00e7os oferecidos, incluindo uso e acesso \u00e0 infraestrutura, n\u00edvel de qualidade do servi\u00e7o (service level agreement &#8211; SLA), bem como especifica\u00e7\u00e3o do suporte cient\u00edfico e tecnol\u00f3gico (P&amp;D) no uso da infraestutura. Os valores pelo uso de recursos e dos servi\u00e7os necess\u00e1rios s\u00e3o acordados conforme a disponibilidade, tempo de uso, e necessidade de suporte cient\u00edfico e tecnol\u00f3gico ao projeto solicitante (cl\u00e1usulas 3.1 em diante do modelo de contrato de servi\u00e7o).\u00a0<\/span><\/p><p><b><i>Link:<\/i><\/b> <a href=\"https:\/\/docs.google.com\/document\/d\/1L4lag1-wffWmEC8bd_2cJvqX2dayCbq8PCuA0YyWhxA\/edit?usp=sharing\" target=\"_blank\" rel=\"noopener\"><span style=\"font-weight: 400;\">Modelo Proposta Padr\u00e3o Servi\u00e7os Multiusu\u00e1rio iTec-FURG\u00a0<\/span><\/a><\/p><\/div>\n\t\t\t\t\t\t\t<\/div>\n\t\t<\/div>\n\t\t\t\t\t\t<\/div>\n\t\t\t\t<\/div>\n\t\t\t\t\t<\/div>\n\t\t<\/div>\n\t\t\t\t\t<\/div>\n\t\t<\/section>\n\t\t\t\t<\/div>\n\t\t","protected":false},"excerpt":{"rendered":"<p>Bem vindo ao Centro Multiusu\u00e1rio iTec\/FURG, integrante da Rede do Minist\u00e9rio de Ci\u00eancia e Tecnologia (MCTI) e Embrapii de Tecnologias e Inova\u00e7\u00e3o Digital para Intelig\u00eancia Artificial e Transforma\u00e7\u00e3o Digital.\u00a0 Sobre o Centro Infraestrutura Onde estamos Usu\u00e1rios Comit\u00ea Gestor Gest\u00e3o de Uso Publica\u00e7\u00f5es Agendamento Online Sobre o Centro Quem Somos O iTec\/FURG \u00e9 um Centro Multiusu\u00e1rio [&hellip;]<\/p>\n","protected":false},"author":4,"featured_media":0,"parent":0,"menu_order":0,"comment_status":"closed","ping_status":"closed","template":"","meta":{"_monsterinsights_skip_tracking":false,"_monsterinsights_sitenote_active":false,"_monsterinsights_sitenote_note":"","_monsterinsights_sitenote_category":0,"footnotes":""},"class_list":["post-5643","page","type-page","status-publish","hentry"],"aioseo_notices":[],"_links":{"self":[{"href":"https:\/\/itecfurg.org\/index.php?rest_route=\/wp\/v2\/pages\/5643","targetHints":{"allow":["GET"]}}],"collection":[{"href":"https:\/\/itecfurg.org\/index.php?rest_route=\/wp\/v2\/pages"}],"about":[{"href":"https:\/\/itecfurg.org\/index.php?rest_route=\/wp\/v2\/types\/page"}],"author":[{"embeddable":true,"href":"https:\/\/itecfurg.org\/index.php?rest_route=\/wp\/v2\/users\/4"}],"replies":[{"embeddable":true,"href":"https:\/\/itecfurg.org\/index.php?rest_route=%2Fwp%2Fv2%2Fcomments&post=5643"}],"version-history":[{"count":199,"href":"https:\/\/itecfurg.org\/index.php?rest_route=\/wp\/v2\/pages\/5643\/revisions"}],"predecessor-version":[{"id":12867,"href":"https:\/\/itecfurg.org\/index.php?rest_route=\/wp\/v2\/pages\/5643\/revisions\/12867"}],"wp:attachment":[{"href":"https:\/\/itecfurg.org\/index.php?rest_route=%2Fwp%2Fv2%2Fmedia&parent=5643"}],"curies":[{"name":"wp","href":"https:\/\/api.w.org\/{rel}","templated":true}]}}